{"id":100,"date":"2014-01-31T00:20:24","date_gmt":"2014-01-30T23:20:24","guid":{"rendered":"http:\/\/dev.h2321514.stratoserver.net\/web\/?page_id=100"},"modified":"2026-04-30T21:19:26","modified_gmt":"2026-04-30T19:19:26","slug":"notarios-y-registradores","status":"publish","type":"page","link":"https:\/\/www.notariosyregistradores.com\/web\/","title":{"rendered":"&#8211;"},"content":{"rendered":"<h1 id=\"h_780971193731721981095659\" style=\"text-align: left;\"><span style=\"font-size: 14pt;\"><strong><a href=\"https:\/\/www.notariosyregistradores.com\/web\/secciones\/oficina-mercantil\/informe-mercantil-octubre-2025-derecho-de-informacion-y-convocatoria-junta\/\">Ir a <\/a><em><a href=\"https:\/\/www.notariosyregistradores.com\/web\/sc\/portada-rapida\/\">SOS: PORTADA R\u00c1PIDA<\/a>.<\/em><\/strong><\/span><\/h1>\n<h1 style=\"text-align: center;\"><a href=\"https:\/\/www.notariosyregistradores.com\/web\/secciones\/oficina-notarial\/informes-mensuales-o-n\/informe-oficina-notarial-marzo-2026-notas-sobre-nif-revocado-parte-i\/\">Informe Oficina Notarial Marzo 2026. Notas sobre NIF revocado (parte I)<\/a><\/h1>\n<h2><a href=\"https:\/\/www.notariosyregistradores.com\/web\/secciones\/oficina-notarial\/informes-mensuales-o-n\/informe-oficina-notarial-marzo-2026-notas-sobre-nif-revocado-parte-i\/\"><img loading=\"lazy\" decoding=\"async\" class=\"aligncenter\" src=\"https:\/\/www.notariosyregistradores.com\/web\/wp-content\/uploads\/2026\/04\/Formentera-pared-piedras.jpg\" alt=\"\" width=\"427\" height=\"320\" \/><\/a><\/h2>\n<h2 style=\"text-align: center;\"><a href=\"https:\/\/www.notariosyregistradores.com\/web\/secciones\/oficina-mercantil\/informes-mensuales-o-m\/informe-mercantil-abril-2026-hacia-un-tipo-unico-de-sociedad-en-la-ue\/\">Informe mercantil abril 2026. Hacia un tipo \u00fanico de sociedad en la UE<\/a><\/h2>\n<p><a href=\"https:\/\/www.notariosyregistradores.com\/web\/secciones\/oficina-mercantil\/informes-mensuales-o-m\/informe-mercantil-abril-2026-hacia-un-tipo-unico-de-sociedad-en-la-ue\/\"><img loading=\"lazy\" decoding=\"async\" class=\"aligncenter\" src=\"https:\/\/www.notariosyregistradores.com\/web\/wp-content\/uploads\/2026\/04\/Granada-Claustro_del_Monasterio_de_San_Jeronimo.jpeg\" alt=\"\" width=\"370\" height=\"280\" \/><\/a><\/p>\n<h2 style=\"text-align: center;\"><a href=\"https:\/\/www.notariosyregistradores.com\/web\/resoluciones\/por-meses\/resoluciones-abril-2026-direccion-general-de-seguridad-juridica-y-fe-publica\/\">El BOE de 27\/04 publica las quince primeras resoluciones del mes: estos son los titulares<\/a><\/h2>\n<p><a href=\"https:\/\/www.notariosyregistradores.com\/web\/resoluciones\/por-meses\/resoluciones-abril-2026-direccion-general-de-seguridad-juridica-y-fe-publica\/\"><img loading=\"lazy\" decoding=\"async\" class=\"aligncenter\" src=\"https:\/\/www.notariosyregistradores.com\/web\/wp-content\/uploads\/2026\/04\/Drago-Tenerife-med.jpg\" alt=\"\" width=\"249\" height=\"240\" \/><\/a><\/p>\n<h2 style=\"text-align: center;\"><a href=\"https:\/\/www.notariosyregistradores.com\/web\/normas\/concretas\/resumen-de-la-ley-1-2026-de-8-de-abril-integral-de-impulso-de-la-economia-social\/\">Resumen de la Ley 1\/2026, de 8 de abril, integral de impulso de la econom\u00eda social<\/a><\/h2>\n<table style=\"border-collapse: collapse; width: 100%;\">\n<tbody>\n<tr>\n<td style=\"width: 50%; vertical-align: top; text-align: center;\">\n<p><a href=\"https:\/\/www.notariosyregistradores.com\/web\/secciones\/consumo-y-derecho\/informes-mensuales-cyd\/informe-19-jurisprudencia-de-consumo-y-derecho-julio-septiembre-2025\/\"><strong><span style=\"font-size: 12pt;\">Jurisprudencia sobre Consumo y Derecho. Informe n\u00ba 19, julio-septiembre 2025.<\/span><\/strong><\/a><strong><span style=\"font-size: 12pt;\"><a href=\"https:\/\/www.notariosyregistradores.com\/web\/secciones\/consumo-y-derecho\/informes-mensuales-cyd\/informe-19-jurisprudencia-de-consumo-y-derecho-julio-septiembre-2025\/\"> Luc\u00eda Moreno Garc\u00eda<\/a><\/span><\/strong><\/p>\n<p><a href=\"https:\/\/www.notariosyregistradores.com\/web\/secciones\/consumo-y-derecho\/informes-mensuales-cyd\/informe-19-jurisprudencia-de-consumo-y-derecho-julio-septiembre-2025\/\"><img loading=\"lazy\" decoding=\"async\" class=\"\" src=\"https:\/\/www.notariosyregistradores.com\/web\/wp-content\/uploads\/2026\/04\/Vuelo-ave-pq.jpg\" width=\"117\" height=\"171\" \/><\/a><\/p>\n<\/td>\n<td style=\"width: 50%; vertical-align: top;\">\n<p style=\"text-align: center;\"><strong><span style=\"font-size: 12pt;\"><a href=\"https:\/\/www.notariosyregistradores.com\/web\/practica\/jurisprudencia\/cronica-breve-de-tribunales-64-dacion-en-pago\/\">Cr\u00f3nica breve de Tribunales: daci\u00f3n en pago y adjudicaci\u00f3n en pago al acreedor&#8230; \u00c1lvaro Mart\u00edn Mart\u00edn<\/a><\/span><\/strong><\/p>\n<p><a href=\"https:\/\/www.notariosyregistradores.com\/web\/practica\/jurisprudencia\/cronica-breve-de-tribunales-64-dacion-en-pago\/\"><img loading=\"lazy\" decoding=\"async\" class=\"aligncenter\" src=\"https:\/\/www.notariosyregistradores.com\/web\/wp-content\/uploads\/2026\/04\/Sierra_del_Parque_Natural_del_Valle-Murcia-pq.jpg\" alt=\"\" width=\"269\" height=\"180\" \/><\/a><\/p>\n<\/td>\n<\/tr>\n<\/tbody>\n<\/table>\n<p>&nbsp;<\/p>\n<p><strong><a href=\"https:\/\/www.notariosyregistradores.com\/web\/normas\/informes-mensuales\/informe-379-boe-abril-2026\/#jornada-y-horarios-de-trabajo-del-personal-publico\">28-IV. Jornada y horarios de trabajo del personal al servicio de la Administraci\u00f3n General del Estado.<\/a><\/strong><\/p>\n<p style=\"text-align: justify;\"><a style=\"font-size: 1rem;\" href=\"https:\/\/www.notariosyregistradores.com\/web\/normas\/informes-mensuales\/informe-379-boe-abril-2026\/#modificacion-del-reglamento-de-extranjeria\"><strong>26-IV. Resumen de la reforma del Reglamento de Extranjer\u00eda que incluye una regularizaci\u00f3n extraordinaria.<\/strong><\/a><\/p>\n<p><strong><a href=\"https:\/\/www.notariosyregistradores.com\/web\/normas\/informes-mensuales\/informe-379-boe-abril-2026\/#codigo-penal-y-lecr-multirreincidencia\">22-IV. Resumen de la reforma del C\u00f3digo Penal y de la LECr sobre reincidencia.<\/a><\/strong><\/p>\n<table style=\"border-collapse: collapse; width: 100%;\">\n<tbody>\n<tr>\n<td style=\"width: 50%; text-align: center; vertical-align: top;\">\n<p><strong><span style=\"font-size: 12pt;\"><a href=\"https:\/\/www.notariosyregistradores.com\/web\/resoluciones\/sabias-que-4\/#s1592\"><em>\u00bf<\/em><em>Sab\u00edas qu\u00e9&#8230;? <\/em>Del 1587 al 1592: activo esencial, retracto, d. transmisi\u00f3n&#8230;.<\/a><\/span><\/strong><a href=\"https:\/\/www.notariosyregistradores.com\/web\/resoluciones\/sabias-que-4\/#s1592\"><img loading=\"lazy\" decoding=\"async\" class=\"size-full wp-image-136744 aligncenter\" src=\"https:\/\/www.notariosyregistradores.com\/web\/wp-content\/uploads\/2026\/04\/Avila-Basilica_de_Santa_Teresa-pq.jpg\" alt=\"\" width=\"152\" height=\"225\" \/><\/a><\/p>\n<\/td>\n<td style=\"width: 50%; text-align: center; vertical-align: top;\">\n<p><strong><a href=\"https:\/\/www.notariosyregistradores.com\/web\/practica\/revista-derecho-civil\/revista-de-derecho-civil-volumen-xiii-numero-1\/\" target=\"_blank\" rel=\"noopener\"><span style=\"font-size: 12pt;\">Nuevo ejemplar de la Revista de Derecho Civil: N\u00ba 1\/2026 (Enero-Marzo)<\/span><\/a><\/strong><a href=\"https:\/\/www.notariosyregistradores.com\/web\/practica\/revista-derecho-civil\/revista-de-derecho-civil-volumen-xiii-numero-1\/\"><img loading=\"lazy\" decoding=\"async\" class=\"size-full wp-image-136768 aligncenter\" src=\"https:\/\/www.notariosyregistradores.com\/web\/wp-content\/uploads\/2026\/04\/Revista-Derecho-Civil-52.med_.jpg\" alt=\"\" width=\"158\" height=\"225\" \/><\/a><\/p>\n<\/td>\n<\/tr>\n<\/tbody>\n<\/table>\n<p><a href=\"https:\/\/www.notariosyregistradores.com\/web\/resoluciones\/por-meses\/resoluciones-marzo-2026-direccion-general-de-seguridad-juridica-y-fe-publica\/#285-hipoteca-sobre-la-totalidad-de-los-derechos-sin-distribucion\"><strong><span style=\"font-size: 11pt;\">11-IV. Hipoteca de la totalidad de los derechos sin distribuci\u00f3n<\/span><\/strong><\/a><\/p>\n<p><strong><a href=\"https:\/\/www.notariosyregistradores.com\/web\/resoluciones\/indice-tematico-de-las-principales-resoluciones-sobre-georreferenciacion-de-fincas\/\">10-IV. \u00a0Actualizado el \u00edndice de resoluciones sobre georreferenciaci\u00f3n de fincas de V\u00edctor Esquirol Jim\u00e9nez.<\/a><\/strong><\/p>\n<p><strong><a href=\"https:\/\/www.notariosyregistradores.com\/web\/normas\/informes-mensuales\/informe-379-boe-abril-2026\/#ley-de-economia-social\">09-IV. BOE publica Ley de Econom\u00eda social (cooperativas, empresas de inserci\u00f3n&#8230;)<\/a><\/strong><\/p>\n<table style=\"border-collapse: collapse; width: 100%;\">\n<tbody>\n<tr>\n<td style=\"width: 50%; vertical-align: top; text-align: center;\">\n<p><span style=\"font-size: 12pt;\"><strong><a href=\"https:\/\/www.notariosyregistradores.com\/web\/normas\/informes-mensuales\/no-te-lo-pierdas-marzo-2026\/\">No te lo pierdas&#8230; Marzo 2026<\/a><\/strong><\/span><\/p>\n<p><a href=\"https:\/\/www.notariosyregistradores.com\/web\/normas\/informes-mensuales\/no-te-lo-pierdas-marzo-2026\/\"><span style=\"font-size: 12pt;\"><img loading=\"lazy\" decoding=\"async\" class=\"aligncenter\" src=\"https:\/\/www.notariosyregistradores.com\/web\/wp-content\/uploads\/2026\/04\/Valle_de_Broto-Huesca-pq.jpeg\" width=\"294\" height=\"220\" \/><\/span><\/a><\/p>\n<\/td>\n<td style=\"width: 50%; vertical-align: top;\">\n<p style=\"text-align: center;\"><span style=\"font-size: 12pt;\"><strong><a href=\"https:\/\/www.notariosyregistradores.com\/web\/normas\/informes-mensuales\/informe-379-boe-abril-2026\/#codigo-penal-y-lecr-multirreincidencia\">Resumen de la reforma del C\u00f3digo Penal y de la LECr sobre reincidencia<\/a><\/strong><\/span><a href=\"https:\/\/www.notariosyregistradores.com\/web\/normas\/informes-mensuales\/informe-379-boe-abril-2026\/#codigo-penal-y-lecr-multirreincidencia\"><img loading=\"lazy\" decoding=\"async\" class=\"aligncenter size-full wp-image-135465\" src=\"https:\/\/www.notariosyregistradores.com\/web\/wp-content\/uploads\/2026\/03\/Colomera-Iglesia_de_la_Encarnacion-Granada-pq.jpeg\" alt=\"\" width=\"300\" height=\"225\" \/><\/a><\/p>\n<\/td>\n<\/tr>\n<\/tbody>\n<\/table>\n<p style=\"text-align: justify;\"><strong><a href=\"https:\/\/www.notariosyregistradores.com\/web\/resoluciones\/por-meses\/resoluciones-marzo-2026-direccion-general-de-seguridad-juridica-y-fe-publica\/#256-cancelacion-de-asientos-tras-nulidad-por-abusiva-de-clausula-de-vencimiento-anticipado\">08-IV. Cancelaci\u00f3n de asientos tras nulidad por abusiva de cl\u00e1usula de vencimiento <\/a><a href=\"https:\/\/www.notariosyregistradores.com\/web\/secciones\/fiscal\/normas-fiscal\/campana-2026-de-declaracion-renta-y-patrimonio-2025\/\">anticipado<\/a><\/strong><\/p>\n<p><a href=\"https:\/\/www.notariosyregistradores.com\/web\/secciones\/fiscal\/normas-fiscal\/campana-2026-de-declaracion-renta-y-patrimonio-2025\/\"><strong>06-IV. Campa\u00f1a 2026 de Declaraci\u00f3n Renta y Patrimonio 2025<\/strong><\/a><\/p>\n<p style=\"text-align: justify;\"><strong><a href=\"https:\/\/www.notariosyregistradores.com\/web\/resoluciones\/por-meses\/resoluciones-marzo-2026-direccion-general-de-seguridad-juridica-y-fe-publica\/#321-venta-de-vpo-con-sobreprecio-nulidad-parcial\">06-IV. Venta de VPO con sobreprecio: nulidad parcial<\/a><\/strong><\/p>\n<p style=\"text-align: justify;\"><strong><a href=\"https:\/\/www.notariosyregistradores.com\/web\/resoluciones\/por-meses\/resoluciones-marzo-2026-direccion-general-de-seguridad-juridica-y-fe-publica\/#274-fin-de-obra-sin-aportar-coordenadas-ni-manifestar-actividades-contaminantes\">06-IV. Fin de obra sin aportar coordenadas georreferenciadas ni manifestar actividades contaminantes<\/a><\/strong><\/p>\n<table style=\"border-collapse: collapse; width: 100%;\">\n<tbody>\n<tr>\n<td style=\"width: 50%; vertical-align: top; text-align: center;\">\n<p><strong><span style=\"font-size: 12pt;\"><a href=\"https:\/\/www.notariosyregistradores.com\/web\/normas\/concretas\/emision-y-recepcion-de-facturas-electronicas\/\">Resumen RD sobre emisi\u00f3n y recepci\u00f3n de facturas electr\u00f3nicas<\/a><\/span><\/strong><a href=\"https:\/\/www.notariosyregistradores.com\/web\/normas\/concretas\/emision-y-recepcion-de-facturas-electronicas\/\"><img loading=\"lazy\" decoding=\"async\" class=\"aligncenter size-full wp-image-136655\" src=\"https:\/\/www.notariosyregistradores.com\/web\/wp-content\/uploads\/2026\/04\/envio-facturas-pq.jpg\" alt=\"\" width=\"300\" height=\"173\" \/><\/a><\/p>\n<\/td>\n<td style=\"width: 50%; vertical-align: top; text-align: center;\">\n<p><strong><span style=\"font-size: 12pt;\"><a href=\"https:\/\/www.notariosyregistradores.com\/web\/normas\/concretas\/cotizaciones-a-la-seguridad-social-2026\/\">Cotizaciones Seguridad Social 2026<\/a><\/span><\/strong><\/p>\n<p><a href=\"https:\/\/www.notariosyregistradores.com\/web\/normas\/concretas\/cotizaciones-a-la-seguridad-social-2026\/\"><img loading=\"lazy\" decoding=\"async\" class=\"aligncenter size-full wp-image-136700\" src=\"https:\/\/www.notariosyregistradores.com\/web\/wp-content\/uploads\/2026\/04\/Huelva-muelle-Rio_Tinto-pq.jpg\" alt=\"\" width=\"300\" height=\"200\" \/><\/a><\/p>\n<\/td>\n<\/tr>\n<\/tbody>\n<\/table>\n<p><a href=\"https:\/\/www.notariosyregistradores.com\/web\/normas\/informes-mensuales\/informe-378-boe-marzo-2026\/#revalorizacion-pensiones-en-2026\"><strong>03-IV. Resumen del RD sobre revalorizaci\u00f3n de las pensiones durante 2026.<\/strong><\/a><\/p>\n<p><strong><a href=\"https:\/\/www.notariosyregistradores.com\/web\/resoluciones\/por-meses\/resoluciones-marzo-2026-direccion-general-de-seguridad-juridica-y-fe-publica\/#280-renuncia-unilateral-del-derecho-de-recarga-de-hipoteca\">01-IV. Renuncia unilateral del derecho de recarga de hipoteca<\/a><\/strong><\/p>\n<p><strong><a href=\"https:\/\/www.notariosyregistradores.com\/web\/resoluciones\/por-meses\/resoluciones-marzo-2026-direccion-general-de-seguridad-juridica-y-fe-publica\/#245-compraventa-iniciacion-de-oficio-de-expediente-doble-inmatriculacion\">01-IV. Compraventa. Iniciaci\u00f3n de oficio de expediente de doble inmatriculaci\u00f3n<\/a><\/strong><\/p>\n<p style=\"text-align: justify;\"><strong><a href=\"https:\/\/www.notariosyregistradores.com\/web\/resoluciones\/por-meses\/resoluciones-marzo-2026-direccion-general-de-seguridad-juridica-y-fe-publica\/#311-transmision-de-finca-con-resto-no-descrito-despues-de-una-expropiacion-parcial\">31-III. Transmisi\u00f3n de resto no descrito despu\u00e9s de expropiaci\u00f3n parcial<\/a><\/strong><\/p>\n<table style=\"border-collapse: collapse; width: 100%;\">\n<tbody>\n<tr>\n<td style=\"width: 50%; vertical-align: top; text-align: center;\">\n<p><strong><span style=\"font-size: 12pt;\"><a href=\"https:\/\/www.notariosyregistradores.com\/web\/secciones\/oficina-registral\/estudios\/garantias-reales-y-exoneracion-de-pasivo-insatisfecho\/\">Garant\u00edas reales y exoneraci\u00f3n de pasivo insatisfecho. \u00c1lvaro Mart\u00edn Mart\u00edn<\/a><\/span><\/strong><\/p>\n<p><strong><a href=\"https:\/\/www.notariosyregistradores.com\/web\/secciones\/oficina-registral\/estudios\/garantias-reales-y-exoneracion-de-pasivo-insatisfecho\/\"><img loading=\"lazy\" decoding=\"async\" class=\"\" src=\"https:\/\/www.notariosyregistradores.com\/web\/wp-content\/uploads\/2026\/04\/Bosque_de-Oto-Huesca-pq-150x150.jpg\" alt=\"\" width=\"198\" height=\"198\" \/><\/a><\/strong><\/p>\n<\/td>\n<td style=\"width: 50%; vertical-align: top; text-align: center;\">\n<p><span style=\"font-size: 12pt;\"><strong><a href=\"https:\/\/www.notariosyregistradores.com\/web\/secciones\/consumo-y-derecho\/informes-mensuales-cyd\/bibliografia-sobre-consumo-y-derecho-informe-no-39-tercer-trimestre-2025\/\">Bibliograf\u00eda sobre Consumo y Derecho. Informe n\u00ba 39, 3\u00ba trimestre 2025. V\u00edctor Bastante Granell<\/a><\/strong><\/span><\/p>\n<p><a href=\"https:\/\/www.notariosyregistradores.com\/web\/secciones\/consumo-y-derecho\/informes-mensuales-cyd\/bibliografia-sobre-consumo-y-derecho-informe-no-39-tercer-trimestre-2025\/\"><img loading=\"lazy\" decoding=\"async\" class=\"\" src=\"https:\/\/www.notariosyregistradores.com\/web\/wp-content\/uploads\/2026\/04\/Libreria_Starfield-Seul-Corea-pq.jpg\" alt=\"\" width=\"257\" height=\"171\" \/><\/a><\/p>\n<\/td>\n<\/tr>\n<\/tbody>\n<\/table>\n<p style=\"text-align: justify;\"><strong><a href=\"https:\/\/www.notariosyregistradores.com\/web\/resoluciones\/por-meses\/resoluciones-marzo-2026-direccion-general-de-seguridad-juridica-y-fe-publica\/#r241\">30-III. Segregaci\u00f3n y cambio de uso de local a tres viviendas<\/a><\/strong><\/p>\n<p style=\"text-align: justify;\"><strong><a href=\"https:\/\/www.notariosyregistradores.com\/web\/resoluciones\/por-meses\/resoluciones-marzo-2026-direccion-general-de-seguridad-juridica-y-fe-publica\/#r303\">29-III. Inscripci\u00f3n de arrendamiento sobre parte de finca.<\/a><\/strong><\/p>\n<p style=\"text-align: justify;\"><strong><a href=\"https:\/\/www.notariosyregistradores.com\/web\/resoluciones\/por-meses\/resoluciones-marzo-2026-direccion-general-de-seguridad-juridica-y-fe-publica\/#267-inscripcion-de-representacion-grafica-oposicion-del-ayuntamiento\">27-III. Inscripci\u00f3n de representaci\u00f3n gr\u00e1fica. Oposici\u00f3n del Ayuntamiento<\/a><\/strong><\/p>\n<p style=\"text-align: justify;\"><strong><a href=\"https:\/\/www.notariosyregistradores.com\/web\/resoluciones\/por-meses\/resoluciones-marzo-2026-direccion-general-de-seguridad-juridica-y-fe-publica\/#244-inscripcion-de-representacion-grafica-de-finca-que-contiene-un-engalaberno\">26-III. Inscripci\u00f3n de representaci\u00f3n gr\u00e1fica que contiene un engalaberno<\/a><\/strong><\/p>\n<table style=\"height: 335px; width: 99.68%; border-collapse: collapse;\">\n<tbody>\n<tr style=\"height: 335px;\">\n<td style=\"width: 51.36%; vertical-align: top; height: 335px; text-align: center;\"><span style=\"font-size: 12pt;\"><strong><a href=\"https:\/\/www.notariosyregistradores.com\/web\/secciones\/oficina-registral\/informes-mensuales-o-r\/oficina-registral-propiedad-informe-marzo-2026\/\">Informe Of. Registral. Diez consecuencias de no llevar la documentaci\u00f3n a Registro<\/a><\/strong><\/span><a href=\"https:\/\/www.notariosyregistradores.com\/web\/secciones\/oficina-registral\/informes-mensuales-o-r\/oficina-registral-propiedad-informe-marzo-2026\/\"><img loading=\"lazy\" decoding=\"async\" class=\"aligncenter\" src=\"https:\/\/www.notariosyregistradores.com\/web\/wp-content\/uploads\/2026\/04\/Semana-Santa-Villafranquina-e1775329678163.jpg\" alt=\"\" width=\"200\" height=\"200\" \/><\/a><\/td>\n<td style=\"width: 48.48%; vertical-align: top; height: 335px; text-align: center;\"><strong><span style=\"font-size: 12pt;\"><a href=\"https:\/\/www.notariosyregistradores.com\/web\/secciones\/fiscal\/informes-mensuales-fiscal\/informe-fiscal-marzo-2026-valor-comprobado-valor-de-referencia-y-valor-de-adquisicion\/\">Informe fiscal marzo 2026. Valor comprobado, valor de referencia y valor de adquisici\u00f3n<\/a><\/span><\/strong><\/p>\n<p><img loading=\"lazy\" decoding=\"async\" class=\"aligncenter\" src=\"https:\/\/www.notariosyregistradores.com\/web\/wp-content\/uploads\/2026\/04\/Canones_del_Jucar-pq.jpg\" alt=\"\" width=\"300\" height=\"200\" \/><\/p>\n<\/td>\n<\/tr>\n<\/tbody>\n<\/table>\n<p style=\"text-align: center;\"><strong style=\"font-size: 1.28571rem; text-align: center;\"><span style=\"font-size: 24pt;\"><a href=\"https:\/\/www.notariosyregistradores.com\/web\/?p=1393\">TITULARES ANTERIORES (hasta 2003)<\/a><\/span><\/strong><\/p>\n","protected":false},"excerpt":{"rendered":"<p>Ir a SOS: PORTADA R\u00c1PIDA. Informe Oficina Notarial Marzo 2026. Notas sobre NIF revocado (parte I) Informe mercantil abril 2026. Hacia un tipo \u00fanico de sociedad en la UE El BOE de 27\/04 publica las quince primeras resoluciones del mes: estos son los titulares Resumen de la Ley 1\/2026, de 8 de abril, integral de [&hellip;]<\/p>\n","protected":false},"author":1,"featured_media":0,"parent":0,"menu_order":0,"comment_status":"closed","ping_status":"closed","template":"page-templates\/3columnas.php","meta":{"_bbp_topic_count":0,"_bbp_reply_count":0,"_bbp_total_topic_count":0,"_bbp_total_reply_count":0,"_bbp_voice_count":0,"_bbp_anonymous_reply_count":0,"_bbp_topic_count_hidden":0,"_bbp_reply_count_hidden":0,"_bbp_forum_subforum_count":0,"footnotes":""},"class_list":["post-100","page","type-page","status-publish"],"_links":{"self":[{"href":"https:\/\/www.notariosyregistradores.com\/web\/wp-json\/wp\/v2\/pages\/100","targetHints":{"allow":["GET"]}}],"collection":[{"href":"https:\/\/www.notariosyregistradores.com\/web\/wp-json\/wp\/v2\/pages"}],"about":[{"href":"https:\/\/www.notariosyregistradores.com\/web\/wp-json\/wp\/v2\/types\/page"}],"author":[{"embeddable":true,"href":"https:\/\/www.notariosyregistradores.com\/web\/wp-json\/wp\/v2\/users\/1"}],"replies":[{"embeddable":true,"href":"https:\/\/www.notariosyregistradores.com\/web\/wp-json\/wp\/v2\/comments?post=100"}],"version-history":[{"count":18,"href":"https:\/\/www.notariosyregistradores.com\/web\/wp-json\/wp\/v2\/pages\/100\/revisions"}],"predecessor-version":[{"id":136994,"href":"https:\/\/www.notariosyregistradores.com\/web\/wp-json\/wp\/v2\/pages\/100\/revisions\/136994"}],"wp:attachment":[{"href":"https:\/\/www.notariosyregistradores.com\/web\/wp-json\/wp\/v2\/media?parent=100"}],"curies":[{"name":"wp","href":"https:\/\/api.w.org\/{rel}","templated":true}]}}